{"id":749,"date":"2014-01-24T20:18:41","date_gmt":"2014-01-24T20:18:41","guid":{"rendered":"http:\/\/josenascimento.com\/tardedemais\/?page_id=749"},"modified":"2023-02-14T11:10:58","modified_gmt":"2023-02-14T11:10:58","slug":"creditos","status":"publish","type":"page","link":"https:\/\/josenascimento.com\/tardedemais\/creditos\/","title":{"rendered":"Cr\u00e9ditos"},"content":{"rendered":"\n<p>ACTORES<\/p>\n\n\n\n<p class=\"has-text-align-left\">V\u00edtor Norte (Z\u00e9)<br>Adriano Luz (Manel)<br>Nuno Melo (Joaquim)<br>Carlos Santos (Ant\u00f3nio)<br>\nFrancisco Nascimento (Jo\u00e3o)<br>Ana Moreira (Laura)<br>Rita Blanco (Arlete) <br>Suzana Borges (M\u00e3e de Laura)<\/p>\n\n\n\n<figure class=\"wp-block-table\"><table><thead><tr><th class=\"has-text-align-left\" data-align=\"left\"><\/th><th class=\"has-text-align-left\" data-align=\"left\"><\/th><\/tr><\/thead><tbody><tr><td class=\"has-text-align-left\" data-align=\"left\">Argumento<\/td><td class=\"has-text-align-left\" data-align=\"left\">Jo\u00e3o Canijo \/ Jos\u00e9 Nascimento<\/td><\/tr><tr><td class=\"has-text-align-left\" data-align=\"left\">Fotografia<\/td><td class=\"has-text-align-left\" data-align=\"left\">M\u00e1rio Castanheira<\/td><\/tr><tr><td class=\"has-text-align-left\" data-align=\"left\">M\u00fasica<\/td><td class=\"has-text-align-left\" data-align=\"left\">Nuno Rebelo<\/td><\/tr><tr><td class=\"has-text-align-left\" data-align=\"left\">Assistente de Realiza\u00e7\u00e3o<\/td><td class=\"has-text-align-left\" data-align=\"left\">Jos\u00e9 Maria Vaz da Silva<\/td><\/tr><tr><td class=\"has-text-align-left\" data-align=\"left\">Produtor<\/td><td class=\"has-text-align-left\" data-align=\"left\">Paulo Branco<\/td><\/tr><tr><td class=\"has-text-align-left\" data-align=\"left\">Realiza\u00e7\u00e3o<\/td><td class=\"has-text-align-left\" data-align=\"left\">Jos\u00e9 Nascimento<\/td><\/tr><tr><td class=\"has-text-align-left\" data-align=\"left\"><\/td><td class=\"has-text-align-left\" data-align=\"left\"><\/td><\/tr><tr><td class=\"has-text-align-left\" data-align=\"left\">Ano<\/td><td class=\"has-text-align-left\" data-align=\"left\">1999<\/td><\/tr><tr><td class=\"has-text-align-left\" data-align=\"left\">G\u00e9nero<\/td><td class=\"has-text-align-left\" data-align=\"left\">Drama<\/td><\/tr><tr><td class=\"has-text-align-left\" data-align=\"left\">Dura\u00e7\u00e3o<\/td><td class=\"has-text-align-left\" data-align=\"left\">97&#8242;<\/td><\/tr><tr><td class=\"has-text-align-left\" data-align=\"left\"><\/td><td class=\"has-text-align-left\" data-align=\"left\"><\/td><\/tr><\/tbody><\/table><\/figure>\n","protected":false},"excerpt":{"rendered":"<p>ACTORES V\u00edtor Norte (Z\u00e9)Adriano Luz (Manel)Nuno Melo (Joaquim)Carlos Santos (Ant\u00f3nio) Francisco Nascimento (Jo\u00e3o)Ana Moreira (Laura)Rita Blanco (Arlete) Suzana Borges (M\u00e3e de Laura) Argumento Jo\u00e3o Canijo \/ Jos\u00e9 Nascimento Fotografia M\u00e1rio [&hellip;]<\/p>\n","protected":false},"author":1,"featured_media":0,"parent":0,"menu_order":0,"comment_status":"closed","ping_status":"closed","template":"","meta":{"footnotes":""},"class_list":["post-749","page","type-page","status-publish","hentry"],"_links":{"self":[{"href":"https:\/\/josenascimento.com\/tardedemais\/wp-json\/wp\/v2\/pages\/749","targetHints":{"allow":["GET"]}}],"collection":[{"href":"https:\/\/josenascimento.com\/tardedemais\/wp-json\/wp\/v2\/pages"}],"about":[{"href":"https:\/\/josenascimento.com\/tardedemais\/wp-json\/wp\/v2\/types\/page"}],"author":[{"embeddable":true,"href":"https:\/\/josenascimento.com\/tardedemais\/wp-json\/wp\/v2\/users\/1"}],"replies":[{"embeddable":true,"href":"https:\/\/josenascimento.com\/tardedemais\/wp-json\/wp\/v2\/comments?post=749"}],"version-history":[{"count":31,"href":"https:\/\/josenascimento.com\/tardedemais\/wp-json\/wp\/v2\/pages\/749\/revisions"}],"predecessor-version":[{"id":1805,"href":"https:\/\/josenascimento.com\/tardedemais\/wp-json\/wp\/v2\/pages\/749\/revisions\/1805"}],"wp:attachment":[{"href":"https:\/\/josenascimento.com\/tardedemais\/wp-json\/wp\/v2\/media?parent=749"}],"curies":[{"name":"wp","href":"https:\/\/api.w.org\/{rel}","templated":true}]}}