{"id":877,"date":"2014-03-06T13:19:14","date_gmt":"2014-03-06T13:19:14","guid":{"rendered":"http:\/\/josenascimento.com\/tardedemais\/?page_id=877"},"modified":"2014-03-06T13:19:14","modified_gmt":"2014-03-06T13:19:14","slug":"imprensa-francesa","status":"publish","type":"page","link":"https:\/\/josenascimento.com\/tardedemais\/imprensa-francesa\/","title":{"rendered":"Imprensa Francesa"},"content":{"rendered":"<p>Extraits de presse \u00e0 la sortie du film en France<\/p>\n<p>TARDE DEMAIS [Trop tard]<\/p>\n<p>&nbsp;<\/p>\n<p><a href=\"http:\/\/www.allocine.fr\/critique\/fichepresse_gen_cpresse=82044.html\">Rep\u00e9rages<\/a><\/p>\n<p>Par Frank Beauvais<\/p>\n<p>L\u00e0 o\u00f9 Cameron bradait ses personnages et son r\u00e9cit au profit de la machine-spectacle, un cin\u00e9aste, un vrai, gr\u00e2ce \u00e0 sa gestion du temps, \u00e0 son courage de la dur\u00e9e, donne corps avec humilit\u00e9, sans le moindre effet, \u00e0 l&#8217;angoisse.<\/p>\n<p><a href=\"http:\/\/www.allocine.fr\/critique\/fichepresse_gen_cpresse=82006.html\">Chronic&#8217;art.com<\/a><\/p>\n<p>Par Frank Beauvais<\/p>\n<p>Si pass\u00e9e son audacieuse premi\u00e8re demi-heure, paradoxal huis clos en espace ouvert, le film se dirige vers une issue attendue (&#8230;), sa force initiale ne s&#8217;estompe pas totalement et se r\u00e9percute sur d&#8217;autres sc\u00e8nes, plus espac\u00e9es.<\/p>\n<p><a href=\"http:\/\/www.allocine.fr\/critique\/fichepresse_gen_cpresse=82026.html\">Le Monde<\/a><\/p>\n<p>Par Jacques Mandelbaum<\/p>\n<p>Jos\u00e9 Nascimento signe un film \u00e9trange et singulier, \u00e0 la fois tr\u00e8s simple et tr\u00e8s sophistiqu\u00e9, qui m\u00e9rite l&#8217;attention ne serait-ce que par sa fa\u00e7on de faire toucher du doigt le sentiment de la d\u00e9r\u00e9liction.<\/p>\n<p><a href=\"http:\/\/www.allocine.fr\/critique\/fichepresse_gen_cpresse=82031.html\">Les Inrockuptibles<\/a><\/p>\n<p>Par Vincent Ostria<\/p>\n<p>(&#8230;) le plus beau, c&#8217;est la fa\u00e7on dont le cin\u00e9aste inscrit les personnages dans un espace quasi-abstrait &#8211; la mer, le ciel -, et comment il g\u00e8re cet espace en jouant dynamiquement sur les rapports de plans.<\/p>\n<p><a href=\"http:\/\/www.allocine.fr\/critique\/fichepresse_gen_cpresse=82018.html\">L&#8217;Humanit\u00e9<\/a><\/p>\n<p>Par Vincent Ostria<\/p>\n<p>Malgr\u00e9 sa lenteur typiquement portugaise, ce film d&#8217;action ib\u00e8re ne manque pas de force.<\/p>\n<p><a href=\"http:\/\/www.allocine.fr\/critique\/fichepresse_gen_cpresse=82042.html\">Positif<\/a><\/p>\n<p>Par Jean-Pierre Jeancolas<\/p>\n<p>Jos\u00e9 Nascimento impose un cin\u00e9ma d&#8217;action, presque rugueux, soucieux d&#8217;efficacit\u00e9, dont la mani\u00e8re est d\u00e9termin\u00e9e par une vision imm\u00e9diate de la r\u00e9alit\u00e9. (&#8230;) Des images d&#8217;hommes en lutte qui rappellent celles du documentaire de guerre anglais.<\/p>\n<p><a href=\"http:\/\/www.allocine.fr\/critique\/fichepresse_gen_cpresse=82043.html\">Premi\u00e8re<\/a><\/p>\n<p>Par Christophe Narbonne<\/p>\n<p>Le r\u00e9sultat, haletant, avoisine le thriller tant du point de vue du d\u00e9coupage que des retournements de situations.<\/p>\n","protected":false},"excerpt":{"rendered":"<p>Extraits de presse \u00e0 la sortie du film en France TARDE DEMAIS [Trop tard] &nbsp; Rep\u00e9rages Par Frank Beauvais L\u00e0 o\u00f9 Cameron bradait ses personnages et son r\u00e9cit au profit [&hellip;]<\/p>\n","protected":false},"author":1,"featured_media":0,"parent":0,"menu_order":0,"comment_status":"closed","ping_status":"closed","template":"","meta":{"footnotes":""},"class_list":["post-877","page","type-page","status-publish","hentry"],"_links":{"self":[{"href":"https:\/\/josenascimento.com\/tardedemais\/wp-json\/wp\/v2\/pages\/877","targetHints":{"allow":["GET"]}}],"collection":[{"href":"https:\/\/josenascimento.com\/tardedemais\/wp-json\/wp\/v2\/pages"}],"about":[{"href":"https:\/\/josenascimento.com\/tardedemais\/wp-json\/wp\/v2\/types\/page"}],"author":[{"embeddable":true,"href":"https:\/\/josenascimento.com\/tardedemais\/wp-json\/wp\/v2\/users\/1"}],"replies":[{"embeddable":true,"href":"https:\/\/josenascimento.com\/tardedemais\/wp-json\/wp\/v2\/comments?post=877"}],"version-history":[{"count":1,"href":"https:\/\/josenascimento.com\/tardedemais\/wp-json\/wp\/v2\/pages\/877\/revisions"}],"predecessor-version":[{"id":878,"href":"https:\/\/josenascimento.com\/tardedemais\/wp-json\/wp\/v2\/pages\/877\/revisions\/878"}],"wp:attachment":[{"href":"https:\/\/josenascimento.com\/tardedemais\/wp-json\/wp\/v2\/media?parent=877"}],"curies":[{"name":"wp","href":"https:\/\/api.w.org\/{rel}","templated":true}]}}